{"id":16581,"date":"2026-03-03T15:14:45","date_gmt":"2026-03-03T13:14:45","guid":{"rendered":"https:\/\/www.wagenkull.ee\/?post_type=events&#038;p=16581"},"modified":"2026-03-04T10:18:43","modified_gmt":"2026-03-04T08:18:43","slug":"pavela-gurjanova-ipasa-3-kartu-edienkarte-wagenkull","status":"publish","type":"events","link":"https:\/\/www.wagenkull.ee\/lv\/pasakumi\/pavela-gurjanova-ipasa-3-kartu-edienkarte-wagenkull\/","title":{"rendered":"26.03 Pavela Gurjanova \u012bpa\u0161\u0101 3\u2011k\u0101rtu \u0113dienkarte Wagenk\u00fcll"},"content":{"rendered":"\n<p class=\"wp-el\">2026 gada 26. mart\u0101 m\u0113s gaid\u0101m Tevi kop\u0101 ar mammu, vecm\u0101mi\u0146u, dz\u012bvesbiedru vai labu draudzeni uz Wagenk\u00fcll, lai baud\u012btu \u012bpa\u0161u gard\u0113\u017eu vakari\u0146as, kas rad\u012btas par godu pavasara atn\u0101k\u0161anai.<\/p>\n\n\n\n<p class=\"wp-el\">Vakars s\u0101ksies ar sagaid\u012b\u0161anas dz\u0113rienu un turpin\u0101sies ar tr\u012bs k\u0101rtu malt\u012bti, ko, iedvesmojoties no pavasara svaiguma, rad\u012bjis iem\u012b\u013cotais augstas klases \u0161efpav\u0101rs Pavels Gurjanovs \u2013 Igaunijas Gada Pav\u0101rs 2013, augstu v\u0113rt\u0113tu restor\u0101nu vad\u012bt\u0101js un MasterChef Eesti skat\u012bt\u0101ju favor\u012bts.<\/p>\n\n\n\n<p class=\"wp-el\">Vakaram siltumu un noska\u0146u pie\u0161\u0137irs Rivo Rehe muzik\u0101lie priek\u0161nesumi.<\/p>\n\n\n\n<p class=\"wp-el\">Tas b\u016bs vakars, kur\u0101 svaigas gar\u0161as, skaista atmosf\u0113ra un dz\u012bva m\u016bzika rad\u012bs br\u012b\u017eus, ko atcer\u0113sies v\u0113l ilgi.<\/p>\n\n\n\n<p class=\"wp-el\">\ud83e\udd42 <strong>\u0112DIENKARTE:<\/strong><\/p>\n\n\n\n<p class=\"wp-el\">Sagaid\u012b\u0161anas dz\u0113riens<\/p>\n\n\n\n<p class=\"wp-el\">Surf &amp; Turf<br>(Gril\u0113tas te\u013ca ga\u013cas \u0161\u0137\u0113les \/ k\u016bpin\u0101tas Peipus ezera pli\u010di majoneze \/ kaperi \/ sal\u0101ti)<\/p>\n\n\n\n<p class=\"wp-el\">J\u00e4rveotsa Paipala<br>(Trife\u013cu putu pild\u012bjums \/ k\u0101posts \/ s\u0113\u0146u kvinoja \/ dzirksto\u0161\u0101 v\u012bna\u2013\u0161ampinjonu\u2013timi\u0101na m\u0113rce)<\/p>\n\n\n\n<p class=\"wp-el\">Skyr &amp; citrons<br>(Klasiska citronu k\u016bka \/ Islandes jogurts \/ piparm\u0113tra &amp; laims)<\/p>\n\n\n\n<hr class=\"wp-block-separator has-alpha-channel-opacity\"\/>\n\n\n\n<p class=\"wp-el\">Durvis 18:30<br>Pas\u0101kuma s\u0101kums 19:00<br>Atv\u0113rtaj\u0101 b\u0101r\u0101 pieejami atsvaidzino\u0161i dz\u0113rieni.<\/p>\n\n\n\n<hr class=\"wp-block-separator has-alpha-channel-opacity\"\/>\n\n\n\n<p class=\"wp-el\">Bi\u013cete iepriek\u0161p\u0101rdo\u0161an\u0101:<br>Bi\u013cete 69 \u20ac<br>Lai rezerv\u0113tu vietas pie galda, l\u016bdzu sazinieties: <strong><a href=\"mailto:Laura@wagenkull.ee\">Laura@wagenkull.ee<\/a><\/strong><\/p>\n\n\n\n<div class=\"wp-block-buttons is-layout-flex wp-block-buttons-is-layout-flex\">\n<div class=\"wp-block-button\"><a class=\"wp-block-button__link wp-element-button\" href=\"https:\/\/www.piletilevi.ee\/piletid\/4MD5RQPYUP\/pavel-gurjanov-3-kaiguline-erimenuu-wagenkullis\" target=\"_blank\" rel=\"noopener\">Pirkt bi\u013ceti<\/a><\/div>\n<\/div>\n","protected":false},"excerpt":{"rendered":"<p>2026 gada 26. mart\u0101 m\u0113s gaid\u0101m Tevi kop\u0101 ar mammu, vecm\u0101mi\u0146u, dz\u012bvesbiedru vai labu draudzeni uz Wagenk\u00fcll, lai baud\u012btu \u012bpa\u0161u&#8230;<\/p>\n","protected":false},"featured_media":16576,"template":"","class_list":["post-16581","events","type-events","status-publish","has-post-thumbnail","hentry"],"acf":[],"_links":{"self":[{"href":"https:\/\/www.wagenkull.ee\/lv\/wp-json\/wp\/v2\/events\/16581","targetHints":{"allow":["GET"]}}],"collection":[{"href":"https:\/\/www.wagenkull.ee\/lv\/wp-json\/wp\/v2\/events"}],"about":[{"href":"https:\/\/www.wagenkull.ee\/lv\/wp-json\/wp\/v2\/types\/events"}],"version-history":[{"count":5,"href":"https:\/\/www.wagenkull.ee\/lv\/wp-json\/wp\/v2\/events\/16581\/revisions"}],"predecessor-version":[{"id":16640,"href":"https:\/\/www.wagenkull.ee\/lv\/wp-json\/wp\/v2\/events\/16581\/revisions\/16640"}],"wp:featuredmedia":[{"embeddable":true,"href":"https:\/\/www.wagenkull.ee\/lv\/wp-json\/wp\/v2\/media\/16576"}],"wp:attachment":[{"href":"https:\/\/www.wagenkull.ee\/lv\/wp-json\/wp\/v2\/media?parent=16581"}],"curies":[{"name":"wp","href":"https:\/\/api.w.org\/{rel}","templated":true}]}}