{"id":16580,"date":"2026-03-03T15:14:45","date_gmt":"2026-03-03T13:14:45","guid":{"rendered":"https:\/\/www.wagenkull.ee\/?post_type=events&#038;p=16580"},"modified":"2026-03-04T10:18:33","modified_gmt":"2026-03-04T08:18:33","slug":"pavel-gurjanovin-3-ruokalajin-erikoismenu-wagenkullissa","status":"publish","type":"events","link":"https:\/\/www.wagenkull.ee\/fi\/tilaisuudet\/pavel-gurjanovin-3-ruokalajin-erikoismenu-wagenkullissa\/","title":{"rendered":"26.03 Pavel Gurjanovin 3\u2011ruokalajin erikoismenu Wagenk\u00fclliss\u00e4"},"content":{"rendered":"\n<p class=\"wp-el\">26.maaliskuuta 2026 toivotamme sinut tervetulleeksi Wagenk\u00fclliin \u00e4idin, iso\u00e4idin, puolison tai hyv\u00e4n yst\u00e4v\u00e4n kanssa nauttimaan kev\u00e4\u00e4n saapumisen kunniaksi luodusta erityisest\u00e4 gourmet\u2011illallisesta.<\/p>\n\n\n\n<p class=\"wp-el\">Ilta alkaa tervetuliaisjuomalla ja jatkuu kolmella ruokalajilla, jotka rakastettu huippukokki Pavel Gurjanov \u2013 Viron Vuoden Kokki 2013, arvostettujen ravintoloiden johtaja ja MasterChef Eesti \u2011ohjelman katsojien suosikki \u2013 on luonut kev\u00e4\u00e4n raikkaudesta inspiroituneena.<\/p>\n\n\n\n<p class=\"wp-el\">Iltaan tuo l\u00e4mp\u00f6\u00e4 ja tunnelmaa Rivo Rehen musiikkiesitykset.<\/p>\n\n\n\n<p class=\"wp-el\">Tiedossa on ilta, jossa raikkaat maut, kaunis tunnelma ja el\u00e4v\u00e4 musiikki luovat hetki\u00e4, joita muistellaan viel\u00e4 pitk\u00e4\u00e4n.<\/p>\n\n\n\n<p class=\"wp-el\">\ud83e\udd42 <strong>MENUU:<\/strong><\/p>\n\n\n\n<p class=\"wp-el\">Tervetuliaisjuoma<\/p>\n\n\n\n<p class=\"wp-el\">Surf &amp; Turf<br>(Grillattuja vasikanviipaleita \/ savustetusta Peipsin lahna\u00adsta valmistettu majoneesi \/ kaprikset \/ salaatti)<\/p>\n\n\n\n<p class=\"wp-el\">J\u00e4rveotsan Viiri\u00e4inen<br>(Tryffelivaahto t\u00e4ytteen\u00e4 \/ lehtikaali \/ sienikvinoaa \/ kuohuviini\u2013herkkusieni\u2013timjami kastike)<\/p>\n\n\n\n<p class=\"wp-el\">Skyr &amp; sitruuna<br>(Klassinen sitruunakakku \/ islantilainen jogurtti \/ minttu &amp; lime)<\/p>\n\n\n\n<hr class=\"wp-block-separator has-alpha-channel-opacity\"\/>\n\n\n\n<p class=\"wp-el\">Ovet 18:30<br>Tapahtuma alkaa 19:00<br>Avoin baari tarjoaa virkist\u00e4vi\u00e4 juomia.<\/p>\n\n\n\n<hr class=\"wp-block-separator has-alpha-channel-opacity\"\/>\n\n\n\n<p class=\"wp-el\">Lippu ennakkomyynnist\u00e4:<br>Lippu 69 \u20ac<br>P\u00f6yt\u00e4paikkojen varausta varten ota yhteytt\u00e4: <strong><a href=\"mailto:Laura@wagenkull.ee\">Laura@wagenkull.ee<\/a><\/strong><\/p>\n\n\n\n<div class=\"wp-block-buttons is-layout-flex wp-block-buttons-is-layout-flex\">\n<div class=\"wp-block-button\"><a class=\"wp-block-button__link wp-element-button\" href=\"https:\/\/www.piletilevi.ee\/piletid\/4MD5RQPYUP\/pavel-gurjanov-3-kaiguline-erimenuu-wagenkullis\" target=\"_blank\" rel=\"noopener\">Osta lippu<\/a><\/div>\n<\/div>\n","protected":false},"excerpt":{"rendered":"<p>26.maaliskuuta 2026 toivotamme sinut tervetulleeksi Wagenk\u00fclliin \u00e4idin, iso\u00e4idin, puolison tai hyv\u00e4n yst\u00e4v\u00e4n kanssa nauttimaan kev\u00e4\u00e4n saapumisen kunniaksi luodusta erityisest\u00e4 gourmet\u2011illallisesta&#8230;.<\/p>\n","protected":false},"featured_media":16575,"template":"","class_list":["post-16580","events","type-events","status-publish","has-post-thumbnail","hentry"],"acf":[],"_links":{"self":[{"href":"https:\/\/www.wagenkull.ee\/fi\/wp-json\/wp\/v2\/events\/16580","targetHints":{"allow":["GET"]}}],"collection":[{"href":"https:\/\/www.wagenkull.ee\/fi\/wp-json\/wp\/v2\/events"}],"about":[{"href":"https:\/\/www.wagenkull.ee\/fi\/wp-json\/wp\/v2\/types\/events"}],"version-history":[{"count":5,"href":"https:\/\/www.wagenkull.ee\/fi\/wp-json\/wp\/v2\/events\/16580\/revisions"}],"predecessor-version":[{"id":16639,"href":"https:\/\/www.wagenkull.ee\/fi\/wp-json\/wp\/v2\/events\/16580\/revisions\/16639"}],"wp:featuredmedia":[{"embeddable":true,"href":"https:\/\/www.wagenkull.ee\/fi\/wp-json\/wp\/v2\/media\/16575"}],"wp:attachment":[{"href":"https:\/\/www.wagenkull.ee\/fi\/wp-json\/wp\/v2\/media?parent=16580"}],"curies":[{"name":"wp","href":"https:\/\/api.w.org\/{rel}","templated":true}]}}